{"id":276,"date":"2014-10-17T08:30:13","date_gmt":"2014-10-17T08:30:13","guid":{"rendered":"http:\/\/sport.folyondar.akosv.com\/?page_id=276"},"modified":"2026-04-30T11:53:52","modified_gmt":"2026-04-30T09:53:52","slug":"hazirend","status":"publish","type":"page","link":"https:\/\/folyondar.hu\/?page_id=276","title":{"rendered":"H\u00e1zirend \u00e9s parkol\u00f3szab\u00e1lyzat"},"content":{"rendered":"<h3><span style=\"color: #c6006f;\"><strong>A Folyond\u00e1r Vasas Sport- \u00e9s T\u00e1nck\u00f6zpont l\u00e1togat\u00f3i meg\u00e1llapod\u00e1si szerz\u0151d\u00e9se<\/strong><\/span><\/h3>\n<ol>\n<li style=\"text-align: justify;\">\u00a0A Folyond\u00e1r Vasas Sport \u00e9s T\u00e1nc k\u00f6zpont szolg\u00e1ltat\u00e1sait mindenki csak a saj\u00e1t felel\u0151ss\u00e9g\u00e9re veheti ig\u00e9nybe. Az eg\u00e9szs\u00e9g\u00e9t \u00e9s fizikai \u00e1llapot\u00e1t befoly\u00e1sol\u00f3 t\u00e9nyez\u0151kr\u0151l minden esetben k\u00f6teles a t\u00e1nctan\u00e1rt, mestert, edz\u0151t t\u00e1j\u00e9koztatni!<\/li>\n<li style=\"text-align: justify;\">A K\u00f6zpont nyitvatart\u00e1si rendje: h\u00e9tf\u0151t\u0151l p\u00e9ntekig 7-22 \u00f3ra, h\u00e9tv\u00e9g\u00e9n: 8-20 \u00f3ra. A nyitvatart\u00e1si id\u0151t mindenki k\u00f6teles betartani, z\u00e1r\u00e1skor a l\u00e9tes\u00edtm\u00e9nyt elhagyni.<\/li>\n<li>A k\u00f6zpontba l\u00e1togat\u00f3k a h\u00e9tk\u00f6znapra es\u0151 \u00fcnnepnapokon \u00e9s h\u00e9tk\u00f6znapra \u00e1thelyezett munkasz\u00fcneti napokon a h\u00e9tk\u00f6znapi d\u00edjszab\u00e1s mellett vehetik ig\u00e9nybe szolg\u00e1ltat\u00e1sainkat.<\/li>\n<li style=\"text-align: justify;\">A t\u00e1nc\u00f3r\u00e1kon, valamint a fitnesz teremben csak \u00e9rv\u00e9nyes b\u00e9rlettel vagy napijeggyel lehet r\u00e9szt venni.<\/li>\n<li style=\"text-align: justify;\">Aki sz\u00e1nd\u00e9kosan rong\u00e1l, vagy fegyelmezetlens\u00e9g\u00e9b\u0151l k\u00e1rt okoz, azonnal kiz\u00e1rhat\u00f3 a K\u00f6zpontb\u00f3l, \u00e9s a k\u00e1rokoz\u00e1s teljes k\u00f6lts\u00e9g\u00e9t k\u00f6teles megt\u00e9r\u00edteni.<\/li>\n<li style=\"text-align: justify;\">\u00a0A K\u00f6zpont eg\u00e9sz ter\u00fclet\u00e9n alkohol, k\u00e1b\u00edt\u00f3szer \u00e9s egy\u00e9b m\u00e1s ajz\u00f3szerek hat\u00e1sa alatt l\u00e9v\u0151 szem\u00e9lyeknek tart\u00f3zkodni tilos!<\/li>\n<li style=\"text-align: justify;\">A t\u00e1nctermekben \u00e9s edz\u0151termekben, valamint az \u00f6lt\u00f6z\u0151kben \u00e9tkezni \u00e9s nem z\u00e1rhat\u00f3 csomagol\u00e1s\u00fa italt bevinni tilos! Az ital csak az arra kijel\u00f6lt t\u00e1rol\u00f3 helyen tarthat\u00f3.<\/li>\n<li style=\"text-align: justify;\">A l\u00e9tes\u00edtm\u00e9ny teljes z\u00e1rt ter\u00fclet\u00e9n a doh\u00e1nyz\u00e1s tilos.<\/li>\n<li style=\"text-align: justify;\">A l\u00e9tes\u00edtm\u00e9ny ter\u00fclet\u00e9re \u00e1llatot behozni tilos!<\/li>\n<li style=\"text-align: justify;\">Mindenkinek t\u00f6rekednie kell arra, hogy takar\u00e9koskodjon a villany-, v\u00edz- \u00e9s g\u00e1zfogyaszt\u00e1ssal!<\/li>\n<li style=\"text-align: justify;\">Mindenhol csak a hivatalos tanfolyam \u00e9s edz\u00e9s id\u0151pontokban van f\u0171t\u00e9s \u00e9s vil\u00e1g\u00edt\u00e1s biztos\u00edtva, a hivatalost\u00f3l elt\u00e9r\u0151 id\u0151pontokban tartand\u00f3 edz\u00e9sekr\u0151l, pr\u00f3b\u00e1kr\u00f3l, \u00f3r\u00e1kr\u00f3l az \u00fcgyvezet\u0151vel el\u0151zetesen egyeztetni kell.<\/li>\n<li style=\"text-align: justify;\">\u00a0Az Aerobik szakoszt\u00e1ly edz\u0151term\u00e9ben l\u00e9v\u0151 gumiasztalt csak az edz\u0151 fel\u00fcgyelet\u00e9vel lehet haszn\u00e1lni.<\/li>\n<li style=\"text-align: justify;\">\u00a0A termekben haszn\u00e1lt eszk\u00f6z\u00f6ket haszn\u00e1lat ut\u00e1n a hely\u00fckre k\u00e9rj\u00fck visszatenni.<\/li>\n<li style=\"text-align: justify;\">A folyos\u00f3n, a termekben, az \u00f6lt\u00f6z\u0151kben \u00e9s az \u00f6lt\u00f6z\u0151szekr\u00e9nyekben hagyott t\u00e1rgyak\u00e9rt felel\u0151ss\u00e9get nem v\u00e1llalunk! A recepci\u00f3n\u00e1l l\u00e9v\u0151 \u00e9rt\u00e9kmeg\u0151rz\u0151ben mindenki elhelyezheti \u00e9rt\u00e9kt\u00e1rgyait.<\/li>\n<li style=\"text-align: justify;\">A t\u00e1ncteremben \u00e9s a fitnesz teremben a k\u00fcl\u00f6nb\u00f6z\u0151 foglalkoz\u00e1sokon a v\u00e1lt\u00f3cip\u0151 haszn\u00e1lata k\u00f6telez\u0151. Csak azok a vend\u00e9gek vehetik ig\u00e9nybe a t\u00e1nctermet, fitnesz termet, illetve aerobik termet, akik v\u00e1lt\u00f3cip\u0151t hoznak magukkal.<\/li>\n<li style=\"text-align: justify;\">A t\u00e1nc \u00e9s tenisz \u00f6lt\u00f6z\u0151kb\u0151l el\u00e9rhet\u0151 szaun\u00e1kat mindenki el\u0151re megv\u00e1ltott t\u00e1ncfoglalkoz\u00e1sokra sz\u00f3l\u00f3 jeggyel, b\u00e9rlettel vagy \u00e9rv\u00e9nyes teniszb\u00e9rlet eset\u00e9n, saj\u00e1t felel\u0151ss\u00e9gre haszn\u00e1lhatja. A szaun\u00e1k koeduk\u00e1ltak, t\u00f6r\u00f6lk\u00f6z\u0151, leped\u0151 vagy f\u00fcrd\u0151ruha haszn\u00e1lata k\u00f6telez\u0151.<\/li>\n<li style=\"text-align: justify;\">A recepci\u00f3n mind a napijegy, mind a b\u00e9rlet haszn\u00e1latakor let\u00e9t ad\u00e1sa k\u00f6telez\u0151, ennek fej\u00e9ben kapnak vend\u00e9geink az \u00f6lt\u00f6z\u0151szekr\u00e9nyhez kulcsot.<\/li>\n<li style=\"text-align: justify;\">Az \u00f6lt\u00f6z\u0151 kulcs\u00e1nak elveszt\u00e9se eset\u00e9n a haszn\u00e1l\u00f3 p\u00f3td\u00edjat (z\u00e1rcsere) k\u00f6teles fizetni. Ennek d\u00edja jelenleg 2000 Ft<\/li>\n<li style=\"text-align: justify;\">Saj\u00e1t eg\u00e9szs\u00e9ge \u00e9s annak meg\u0151rz\u00e9se \u00e9rdek\u00e9ben minden vend\u00e9g az els\u0151 regisztr\u00e1ci\u00f3 alkalm\u00e1val k\u00f6teles egy regisztr\u00e1ci\u00f3s nyilatkozatot a recepci\u00f3n kit\u00f6lteni.<\/li>\n<li style=\"text-align: justify;\">Az utcai ruh\u00e1zat elhelyez\u00e9se az \u00f6lt\u00f6z\u0151szekr\u00e9nyekben k\u00f6telez\u0151.<\/li>\n<li style=\"text-align: justify;\">K\u00e9rj\u00fck a kedves sz\u00fcl\u0151ket a foglalkoz\u00e1sok, edz\u00e9sek ideje alatt tart\u00f3zkodjanak \u00e9s v\u00e1rj\u00e1k gyermekeiket az el\u0151csarnokban vagy a k\u00e1v\u00e9z\u00f3ban.<\/li>\n<li style=\"text-align: justify;\">Amennyiben a sz\u00fcl\u0151k szeretn\u00e9k megn\u00e9zni az edz\u00e9seket, minden esetben az edz\u0151kkel el\u0151re egyeztessenek.<\/li>\n<li style=\"text-align: justify;\">A l\u00e9tes\u00edtm\u00e9nyben parkol\u00e1si rend van \u00e9rv\u00e9nyben, annak betart\u00e1sa k\u00f6telez\u0151, azon bel\u00fcl a KRESZ szab\u00e1lyai \u00e9rv\u00e9nyesek.<\/li>\n<li style=\"text-align: justify;\">A l\u00e9tes\u00edtm\u00e9ny teljes ter\u00fclet\u00e9n mindenki \u00fcgyeljen a tisztas\u00e1gra \u00e9s a rendre. K\u00e9rj\u00fck, ha ezzel kapcsolatban \u00e9szrev\u00e9tele, k\u00e9rd\u00e9se van, forduljon a recepci\u00f3hoz!<\/li>\n<li style=\"text-align: justify;\">Minden szakoszt\u00e1ly k\u00f6teles a l\u00e9tes\u00edtm\u00e9ny \u00e1llag\u00e1t meg\u0151rizni! Figyelmeztetni kell minden versenyz\u0151t, j\u00e1t\u00e9kost, hogy a sportfoglalkoz\u00e1sok el\u0151tt, ut\u00e1n \u00e9s k\u00f6zben is \u00fcgyelni kell az \u0151ket k\u00f6r\u00fclvev\u0151 k\u00f6rnyezetre.<\/li>\n<li style=\"text-align: justify;\">Mindenki k\u00f6teles a recepci\u00f3n tal\u00e1lhat\u00f3 t\u0171zv\u00e9delmi szab\u00e1lyzat el\u0151\u00edr\u00e1sait betartani.<\/li>\n<li style=\"text-align: justify;\">Probl\u00e9m\u00e1ival, \u00e9szrev\u00e9teleivel vagy k\u00e9rd\u00e9seivel mindenki forduljon a recepci\u00f3hoz vagy az \u00fcgyvezet\u0151h\u00f6z.<\/li>\n<li style=\"text-align: justify;\">A h\u00e1zirend megs\u00e9rt\u00e9se kiz\u00e1r\u00e1st vonhat maga ut\u00e1n!<\/li>\n<\/ol>\n\n\n<h3 class=\"has-text-color wp-block-heading\" style=\"color:#c6006f\"><strong>A Folyond\u00e1r Vasas Sport- \u00e9s T\u00e1nck\u00f6zpont parkol\u00f3szab\u00e1lyzata<\/strong><\/h3>\n\n\n\n<ul class=\"wp-block-list\"><li>A szab\u00e1lyzat hat\u00e1lya kiterjed a Folyond\u00e1r Vasas Sport-, \u00e9s T\u00e1nck\u00f6zpont parkol\u00f3j\u00e1ra, illetve a parkol\u00f3t ig\u00e9nybe vev\u0151 szem\u00e9lyekre.<\/li><li>A parkol\u00f3 haszn\u00e1l\u00f3ira a KRESZ \u00e9s a parkol\u00e1si szab\u00e1lyzat el\u0151\u00edr\u00e1sai a parkol\u00f3k ter\u00fclet\u00e9re t\u00f6rt\u00e9n\u0151 bel\u00e9p\u00e9st\u0151l k\u00f6telez\u0151ek.<\/li><li>A parkol\u00f3 nyitvatart\u00e1si ideje: minden nap 0:00-24:00. A parkol\u00f3 nem \u0151rz\u00f6tt, mindenki saj\u00e1t kock\u00e1zat\u00e1ra \u00e9s felel\u0151ss\u00e9g\u00e9re, fokozott k\u00f6r\u00fcltekint\u00e9ssel haszn\u00e1lhatja. A parkol\u00f3 automatikus rendszerben m\u0171k\u00f6dik. A be\u2013 \u00e9s kihajt\u00e1st soromp\u00f3k, jegykiad\u00f3 \u00e9s jegyolvas\u00f3 egys\u00e9gek, valamint rendsz\u00e1mfelismer\u0151 rendszer szab\u00e1lyozza.<\/li><li>\u00d6nnek a parkol\u00f3 elhagy\u00e1sa el\u0151tt a fizet\u0151automat\u00e1n\u00e1l ki kell egyenl\u00edteni a parkol\u00e1si d\u00edjat.<\/li><li>K\u00e9rj\u00fck, hogy a parkol\u00f3jegy\u00e9t a kihajt\u00e1sig \u0151rizze meg, a kifizetett jegy\u00e9vel tudja elhagyni a parkol\u00f3t.<\/li><li>A parkol\u00f3jegy elveszt\u00e9se a mindenkori p\u00f3td\u00edj megfizet\u00e9s\u00e9t vonja maga ut\u00e1n, melynek d\u00edja 5.000 Ft.<\/li><li>A parkol\u00e1sr\u00f3l sz\u00e1ml\u00e1t a sportk\u00f6zpont recepci\u00f3j\u00e1n lehet k\u00e9rni.<\/li><li>A rendszer rendsz\u00e1m alapj\u00e1n azonos\u00edtja a j\u00e1rm\u0171veket \u00e9s engedi be a parkol\u00f3k\u00e1rty\u00e1val rendelkez\u0151ket.<\/li><li>Ha a rendsz\u00e1mfelismer\u0151 valamilyen okn\u00e1l fogva (p\u00e9ld\u00e1ul koszos rendsz\u00e1mt\u00e1bla) nem tudja leolvasni a rendsz\u00e1mot, k\u00e9rj\u00fck haszn\u00e1lja a parkol\u00f3k\u00e1rty\u00e1j\u00e1t, illetve vegyen el parkol\u00f3jegyet.<\/li><\/ul>\n\n\n\n<p><strong>D\u00edjak:<\/strong><\/p>\n\n\n\n<ul class=\"wp-block-list\"><li>Az els\u0151 \u00f3ra 300 Ft, minden tov\u00e1bbi megkezdett 30 perc 140 Ft.<\/li><li>A behajt\u00e1st\u00f3l sz\u00e1m\u00edtott 20 percen bel\u00fcl a kihajt\u00e1s ingyenes.<\/li><li>A parkol\u00e1s h\u00e9tv\u00e9gi d\u00edja megegyezik a h\u00e9tk\u00f6znapival.<\/li><li>A parkol\u00e1si d\u00edj kifizet\u00e9se ut\u00e1n 10 percen bel\u00fcl ki kell hajtani.<\/li><li>A kedvezm\u00e9nyekr\u0151l a sportk\u00f6zpont recepci\u00f3j\u00e1n t\u00e1j\u00e9koz\u00f3dhat.<\/li><\/ul>\n\n\n\n<p><strong>Felel\u0151ss\u00e9g \u00e9s szab\u00e1lyok:<\/strong><\/p>\n\n\n\n<ul class=\"wp-block-list\"><li>A parkol\u00f3 ter\u00fclet\u00e9n \u00e1ll\u00f3 \u00e9s halad\u00f3 g\u00e9pj\u00e1rm\u0171vekben, illetve annak tartalm\u00e1ban harmadik szem\u00e9ly \u00e1ltal okozott k\u00e1rok\u00e9rt, vesztes\u00e9gek\u00e9rt, a g\u00e9pj\u00e1rm\u0171ben hagyott t\u00e1rgyak\u00e9rt, valamint a j\u00e1rm\u0171vek \u00e9s\/vagy utasaik s\u00e9relm\u00e9re a parkol\u00f3 ter\u00fclet\u00e9n elk\u00f6vetett, harmadik szem\u00e9lyek \u00e1ltal okozott k\u00e1rok\u00e9rt az \u00dczemeltet\u0151 felel\u0151ss\u00e9get nem v\u00e1llal.<\/li><li>A j\u00e1rm\u0171 tulajdonosa\/vezet\u0151je\/\u00fczembentart\u00f3ja felel\u0151s mindazon k\u00e1r\u00e9rt, amelyet saj\u00e1t, illetve az \u00e1ltala vezetett g\u00e9pkocsival okozott.<\/li><li>A parkol\u00f3 ter\u00fclet\u00e9n okozott jelent\u0151s k\u00e1resem\u00e9ny eset\u00e9n az \u00dczemeltet\u0151 sz\u00fcks\u00e9g szerint rend\u0151ri int\u00e9zked\u00e9st kezdem\u00e9nyezhet. Ilyen esetben a helysz\u00ednen jegyz\u0151k\u00f6nyv \u00e9s baleseti bejelent\u0151lap ker\u00fcl kit\u00f6lt\u00e9sre.<\/li><li>A k\u00f6zleked\u0151 utak ter\u00fclete parkol\u00e1sra nem vehet\u0151 ig\u00e9nybe.<\/li><li>Egy j\u00e1rm\u0171vel csak egy parkol\u00f3hely foglalhat\u00f3 el.<\/li><li>14 \u00e9v alatti gyermek nem tart\u00f3zkodhat a parkol\u00f3 ter\u00fclet\u00e9n feln\u0151tt fel\u00fcgyelete n\u00e9lk\u00fcl.<\/li><li>Tilos a parkol\u00f3ban: a gyalogos forgalom a soromp\u00f3k m\u0171k\u00f6d\u00e9si k\u00f6rnyezet\u00e9ben, j\u00e1rm\u0171 szerel\u00e9se, mos\u00e1sa, szemetel\u00e9s, alkohol fogyaszt\u00e1sa, ny\u00edlt l\u00e1ng haszn\u00e1lata, t\u0171zvesz\u00e9lyes anyag t\u00e1rol\u00e1sa.<\/li><li>A parkol\u00f3 ter\u00fclet\u00e9n a ker\u00e9kp\u00e1rosoknak a ker\u00e9kp\u00e1rr\u00f3l lesz\u00e1llva kell k\u00f6zlekedni\u00fck.<\/li><li>Amennyiben a l\u00e1togat\u00f3 vagy a parkol\u00f3ban tart\u00f3zkod\u00f3 b\u00e1rmely m\u00e1s szem\u00e9ly megzavarja a parkol\u00f3 \u00fczemeltet\u00e9si rendj\u00e9t, megszegi a tilalmakat, vesz\u00e9lyezteti a parkol\u00f3 biztons\u00e1g\u00e1t, az \u00dczemeltet\u0151 jogosult \u0151t kiutas\u00edtani a parkol\u00f3b\u00f3l, ism\u00e9telt szab\u00e1lyszeg\u00e9s eset\u00e9n a parkol\u00f3 haszn\u00e1lat\u00e1t megtiltani. Ha a kiutas\u00edt\u00e1s eredm\u00e9nytelen, az \u00dczemeltet\u0151 bejelent\u00e9ssel \u00e9l az illet\u00e9kes hat\u00f3s\u00e1gok ir\u00e1ny\u00e1ba \u00e9s ezen bejelent\u00e9s eszk\u00f6zl\u00e9s\u00e9vel int\u00e9zkedik a parkol\u00f3 rendj\u00e9t megzavar\u00f3 szem\u00e9ly, illet\u0151leg a parkol\u00f3 biztons\u00e1gos \u00fczemmenet\u00e9t vesz\u00e9lyeztet\u0151 j\u00e1rm\u0171 elt\u00e1vol\u00edttat\u00e1sr\u00f3l, nyilv\u00e1nos ter\u00fcletre t\u00f6rt\u00e9n\u0151 elsz\u00e1ll\u00edttat\u00e1sr\u00f3l a szab\u00e1lytalans\u00e1got el\u0151id\u00e9z\u0151 l\u00e1togat\u00f3 k\u00f6lts\u00e9g\u00e9re.<\/li><\/ul>\n\n\n\n<p class=\"has-text-align-center\">A felt\u00fcntetett d\u00edjak az \u00c1FA-t tartalmazz\u00e1k.<\/p>\n\n\n\n<p class=\"has-text-align-center\"><strong>Inform\u00e1ci\u00f3, seg\u00edts\u00e9gk\u00e9r\u00e9s:<\/strong> 00:00 \u00f3r\u00e1t\u00f3l 24:00 \u00f3r\u00e1ig<\/p>\n\n\n\n<p class=\"has-text-align-center\">\u00dcgyeletes telefon: +36 1 244-8850<\/p>\n\n\n\n<p class=\"has-text-align-center\"><strong>K\u00f6sz\u00f6nj\u00fck, hogy betartj\u00e1k a parkol\u00e1si szab\u00e1lyokat!<\/strong><\/p>\n","protected":false},"excerpt":{"rendered":"<p>A Folyond\u00e1r Vasas Sport- \u00e9s T\u00e1nck\u00f6zpont l\u00e1togat\u00f3i meg\u00e1llapod\u00e1si szerz\u0151d\u00e9se \u00a0A Folyond\u00e1r Vasas Sport \u00e9s T\u00e1nc k\u00f6zpont szolg\u00e1ltat\u00e1sait mindenki csak a saj\u00e1t felel\u0151ss\u00e9g\u00e9re veheti ig\u00e9nybe. Az eg\u00e9szs\u00e9g\u00e9t \u00e9s fizikai \u00e1llapot\u00e1t befoly\u00e1sol\u00f3 t\u00e9nyez\u0151kr\u0151l minden esetben k\u00f6teles a t\u00e1nctan\u00e1rt, mestert, edz\u0151t t\u00e1j\u00e9koztatni! A K\u00f6zpont nyitvatart\u00e1si rendje: h\u00e9tf\u0151t\u0151l p\u00e9ntekig 7-22 \u00f3ra, h\u00e9tv\u00e9g\u00e9n: 8-20 \u00f3ra. A nyitvatart\u00e1si id\u0151t mindenki k\u00f6teles&hellip;<\/p>\n","protected":false},"author":1,"featured_media":707,"parent":6,"menu_order":0,"comment_status":"open","ping_status":"closed","template":"","meta":{"footnotes":""},"class_list":["post-276","page","type-page","status-publish","has-post-thumbnail","hentry"],"_links":{"self":[{"href":"https:\/\/folyondar.hu\/index.php?rest_route=\/wp\/v2\/pages\/276","targetHints":{"allow":["GET"]}}],"collection":[{"href":"https:\/\/folyondar.hu\/index.php?rest_route=\/wp\/v2\/pages"}],"about":[{"href":"https:\/\/folyondar.hu\/index.php?rest_route=\/wp\/v2\/types\/page"}],"author":[{"embeddable":true,"href":"https:\/\/folyondar.hu\/index.php?rest_route=\/wp\/v2\/users\/1"}],"replies":[{"embeddable":true,"href":"https:\/\/folyondar.hu\/index.php?rest_route=%2Fwp%2Fv2%2Fcomments&post=276"}],"version-history":[{"count":5,"href":"https:\/\/folyondar.hu\/index.php?rest_route=\/wp\/v2\/pages\/276\/revisions"}],"predecessor-version":[{"id":5634,"href":"https:\/\/folyondar.hu\/index.php?rest_route=\/wp\/v2\/pages\/276\/revisions\/5634"}],"up":[{"embeddable":true,"href":"https:\/\/folyondar.hu\/index.php?rest_route=\/wp\/v2\/pages\/6"}],"wp:featuredmedia":[{"embeddable":true,"href":"https:\/\/folyondar.hu\/index.php?rest_route=\/wp\/v2\/media\/707"}],"wp:attachment":[{"href":"https:\/\/folyondar.hu\/index.php?rest_route=%2Fwp%2Fv2%2Fmedia&parent=276"}],"curies":[{"name":"wp","href":"https:\/\/api.w.org\/{rel}","templated":true}]}}